{"id":1739,"date":"2021-04-04T17:12:56","date_gmt":"2021-04-04T15:12:56","guid":{"rendered":"https:\/\/www.gaertnerei-moos.de\/wp\/?post_type=product&#038;p=1739"},"modified":"2025-05-06T13:06:21","modified_gmt":"2025-05-06T11:06:21","slug":"hyssopus-officinalis-ysop","status":"publish","type":"product","link":"https:\/\/www.gaertnerei-moos.de\/wp\/produkt\/hyssopus-officinalis-ysop\/","title":{"rendered":"Hyssopus officinalis &#8211; Ysop"},"content":{"rendered":"<p>Hyssopus officinalis \u2022 4,00\u20ac<strong><br \/>\n<\/strong><br \/>\nmehrj\u00e4hrig, winterhart<br \/>\nStandort: sonnig-halbschattig<br \/>\nBoden: trocken-frisch<br \/>\nH\u00f6he: 90cm<br \/>\nBl\u00fcte: Juli-Oktober, blau<br \/>\nVerwendung\/Hinweis: Tee-, K\u00fcchen-, Medizin- u. Duftpflanze, Bienenweide<\/p>\n<p>Ein blau bl\u00fchender Halbstrauch, der in der K\u00fcche als Gew\u00fcrz f\u00fcr z.B. Suppen, Salate und Bratkartoffeln genutzt wird. Auch als Tee oder zum Ansetzen von Kr\u00e4uterlik\u00f6ren. Wird in der Kr\u00e4uterheilkunde als Mittel gegen Husten und Erk\u00e4ltung eingesetzt.<\/p>\n","protected":false},"excerpt":{"rendered":"<p>Hyssopus officinalis<br \/>\nTopfgr\u00f6\u00dfe 9 cm\/0,5 L<\/p>\n","protected":false},"featured_media":1877,"comment_status":"closed","ping_status":"closed","template":"","meta":[],"product_brand":[],"product_cat":[199,168],"product_tag":[],"class_list":{"0":"post-1739","1":"product","2":"type-product","3":"status-publish","4":"has-post-thumbnail","6":"product_cat-hyssopus","7":"product_cat-h","9":"first","10":"instock","11":"taxable","12":"shipping-taxable","13":"product-type-simple"},"_links":{"self":[{"href":"https:\/\/www.gaertnerei-moos.de\/wp\/wp-json\/wp\/v2\/product\/1739","targetHints":{"allow":["GET"]}}],"collection":[{"href":"https:\/\/www.gaertnerei-moos.de\/wp\/wp-json\/wp\/v2\/product"}],"about":[{"href":"https:\/\/www.gaertnerei-moos.de\/wp\/wp-json\/wp\/v2\/types\/product"}],"replies":[{"embeddable":true,"href":"https:\/\/www.gaertnerei-moos.de\/wp\/wp-json\/wp\/v2\/comments?post=1739"}],"wp:featuredmedia":[{"embeddable":true,"href":"https:\/\/www.gaertnerei-moos.de\/wp\/wp-json\/wp\/v2\/media\/1877"}],"wp:attachment":[{"href":"https:\/\/www.gaertnerei-moos.de\/wp\/wp-json\/wp\/v2\/media?parent=1739"}],"wp:term":[{"taxonomy":"product_brand","embeddable":true,"href":"https:\/\/www.gaertnerei-moos.de\/wp\/wp-json\/wp\/v2\/product_brand?post=1739"},{"taxonomy":"product_cat","embeddable":true,"href":"https:\/\/www.gaertnerei-moos.de\/wp\/wp-json\/wp\/v2\/product_cat?post=1739"},{"taxonomy":"product_tag","embeddable":true,"href":"https:\/\/www.gaertnerei-moos.de\/wp\/wp-json\/wp\/v2\/product_tag?post=1739"}],"curies":[{"name":"wp","href":"https:\/\/api.w.org\/{rel}","templated":true}]}}